{"id":1003,"date":"2018-05-10T13:09:12","date_gmt":"2018-05-10T12:09:12","guid":{"rendered":"http:\/\/www.zamek-frystat.cz\/?page_id=1003"},"modified":"2026-04-28T09:57:23","modified_gmt":"2026-04-28T07:57:23","slug":"akce","status":"publish","type":"page","link":"https:\/\/www.zamek-frystat.cz\/index.php\/akce\/","title":{"rendered":"Z\u00c1MECK\u00c9 AKCE"},"content":{"rendered":"<p><span style=\"color: #333333;\">P\u0159ehled z\u00e1meck\u00fdch akc\u00ed v roce 2026. Zm\u011bny uveden\u00fdch program\u016f jsou vyhrazeny, konkr\u00e9tn\u00ed pr\u016fb\u011bh, \u010dasy a doprovodn\u00e9 slu\u017eby budou aktualizov\u00e1ny t\u011bsn\u011b p\u0159ed kon\u00e1n\u00edm dan\u00e9 akce v z\u00e1lo\u017ece AKTUALITY.\u00a0<\/span><\/p>\n<p><strong>ROK 2026<\/strong><\/p>\n<p><span style=\"font-size: 14pt;\"><strong><span style=\"color: #800000; font-size: 14pt;\">30. ledna a\u017e 1. \u00fanora (p\u00e1tek \/ sobota \/ ned\u011ble) LEDOV\u00c1 M\u011aSTA<\/span><\/strong><\/span><\/p>\n<ul>\n<li><span>P\u00e1te\u010dn\u00ed prohl\u00eddky 1. trasy &#8211; v 10:00, 11:00, 13:00, 14:00, 15:00 h &#8211; zv\u00fdhodn\u011bn\u00e9 vstupn\u00e9<\/span><\/li>\n<li><span>Sobotn\u00ed prohl\u00eddky 1. trasy &#8211; v 10:00, 11:00, 13:00, 14:00 h &#8211; zv\u00fdhodn\u011bn\u00e9 vstupn\u00e9<\/span><\/li>\n<li><span>Ned\u011bln\u00ed prohl\u00eddky 1. trasy &#8211; v 10:00, 11:00, 13:00, 14:00 h &#8211; zv\u00fdhodn\u011bn\u00e9 vstupn\u00e9<\/span><\/li>\n<li>Zv\u00fdhodn\u011bn\u00e9 vstupn\u00e9 znamen\u00e1 vstupn\u00e9 1+1 zdarma (v p\u0159\u00edpad\u011b r\u016fzn\u00fdch sazeb se zdarna poskytuje ta ni\u017e\u0161\u00ed) na klasick\u00fd prohl\u00eddkov\u00fd okruh, p\u0159i\u010dem\u017e vstupn\u00e9 je stanoveno jako v hlavn\u00ed sezon\u011b, tzn. bez p\u0159\u00edplatk\u016f.<\/li>\n<li>Pro n\u00e1v\u0161t\u011bvu expozice N\u00e1rodn\u00ed galerie je 50% vstupn\u00e9. Otev\u0159eno m\u00e1 v r\u00e1mci b\u011b\u017en\u00e9ho re\u017eimu.<\/li>\n<li><span>Dal\u0161\u00ed informace najdete v aktualit\u00e1ch <a href=\"https:\/\/www.zamek-frystat.cz\/index.php\/2025\/11\/13\/31-1-2-2-ledova-mesta\/\"><span style=\"color: #000000;\"><span style=\"text-decoration: underline;\"><span style=\"color: #800000; text-decoration: underline;\">zde<\/span><\/span><\/span><\/a>.<\/span><\/li>\n<\/ul>\n<p><span style=\"font-size: 18px;\"><span style=\"color: #800000;\"><strong>5. b\u0159ezen\u201426. duben<\/strong><\/span>:<\/span> panelov\u00e1 v\u00fdstava vedut <span style=\"color: #800000; font-size: 18px;\"><strong>SLEZSK\u00c1 M\u011aSTA V\u010cERA I DNESKA<\/strong><\/span><\/p>\n<ul>\n<li class=\"has-text-align-center\" style=\"text-align: left;\">\u010cesko\u2013polsk\u00fd stejnojmenn\u00fd projekt p\u0159edstavuje d\u00edlo zn\u00e1m\u00e9ho slezsk\u00e9ho kresl\u00ed\u0159e, grafika, rytce i kartografa Friedricha Bernarda Wernera (1690\u20131776) Scenographia Urbium Silesiae. Z jeden\u00e1cti grafick\u00fdch tabul\u00ed bylo vybr\u00e1no 19 m\u011bst na \u00fazem\u00ed Horn\u00edho Slezska. C\u00edlem projektu je srovn\u00e1n\u00ed m\u011bst na Wernerov\u00fdch rytin\u00e1ch s jejich sou\u010dasnou podobou. V\u00fdsledkem jsou dv\u011b v\u00fdstavy. Venkovn\u00ed ukazuje v\u0161ech 11 skvostn\u00fdch tabul\u00ed d\u00edla Scenographia Urbium Silesiae, vnit\u0159n\u00ed \u010d\u00e1st u\u017e samotn\u00e1 vybran\u00e1 m\u011bsta a dochovan\u00e9 historick\u00e9 pam\u00e1tky, kter\u00e9 mohl Werner ve sv\u00e9m d\u00edle zobrazit.<\/li>\n<\/ul>\n<p><strong><span style=\"font-size: 18px; color: #800000;\">4. dubna (sobota) <\/span><\/strong><span style=\"color: #800000;\"><strong>ZAH\u00c1JEN\u00cd Z\u00c1MECK\u00c9 SEZONY: <\/strong><span style=\"color: #000000;\">divadeln\u00ed inscenace<\/span><strong> Operace Ikarus<\/strong><\/span><\/p>\n<ul>\n<li><span class=\"x193iq5w xeuugli x13faqbe x1vvkbs x1xmvt09 x1lliihq x1s928wv xhkezso x1gmr53x x1cpjm7i x1fgarty x1943h6x xudqn12 x3x7a5m x6prxxf xvq8zen xo1l8bm xzsf02u\" dir=\"auto\">Divadeln\u00ed p\u0159edstaven\u00ed v r\u00e1mci prohl\u00eddkov\u00e9 trasy 1. okruhu &#8211; \u0161pion\u00e1\u017en\u00ed divadeln\u00ed inscenace z obdob\u00ed druh\u00e9 sv\u011btov\u00e9 v\u00e1lky. Bl\u00ed\u017e\u00ed se konec v\u00e1lky, nacistick\u00e1 ma\u0161in\u00e9rie se hrout\u00ed, arm\u00e1dy spojenc\u016f se bl\u00ed\u017e\u00ed k hranic\u00edm \u0159\u00ed\u0161e, nar\u00e1\u017e\u00ed v\u0161ak na fanatick\u00fd odpor. Skupina hnut\u00ed odporu se proto chyst\u00e1 ude\u0159it na nejvy\u0161\u0161\u00ed m\u00edsta n\u011bmeck\u00e9ho velen\u00ed. Poda\u0159\u00ed se jim s pomoc\u00ed d\u016fmysln\u00e9ho pl\u00e1nu ukon\u010dit v\u00e1lku do konce roku 1944? Divadlo historie v pohybu Exulis \/ re\u017eie: Jaroslav Vacul\u00edk. PREMI\u00c9RA<\/span><\/li>\n<li><span class=\"x193iq5w xeuugli x13faqbe x1vvkbs x1xmvt09 x1lliihq x1s928wv xhkezso x1gmr53x x1cpjm7i x1fgarty x1943h6x xudqn12 x3x7a5m x6prxxf xvq8zen xo1l8bm xzsf02u\" dir=\"auto\">Za\u010d\u00e1tky v 10:00, 11:00, 13:00, 14:00, 15:00, 16:00 h. P\u0159edstaven\u00ed trv\u00e1 cca 1 hodinu a prob\u00edh\u00e1 v n\u011bkolika z\u00e1meck\u00fdch komnat\u00e1ch v r\u00e1mci 1. prohl\u00eddkov\u00e9 trasy. Klasick\u00fd 1. prohl\u00eddkov\u00fd okruh je proto v tento den uzav\u0159en\u00fd. Z\u00e1jemc\u016fm o klasick\u00e9 prohl\u00eddky budou k dispozici vyhrazen\u00e9 \u010dasy 2. okruhu.<\/span><\/li>\n<li>V\u00edce informac\u00ed najdete v aktualit\u00e1ch <span style=\"text-decoration: underline;\"><a href=\"https:\/\/www.zamek-frystat.cz\/index.php\/2026\/02\/10\/sobota-4-4-zahajeni-sezony-operace-ikarus\/\"><span style=\"color: #800000; text-decoration: underline;\">zde<\/span><\/a><\/span><span style=\"color: #000000;\"><\/span>.<\/li>\n<\/ul>\n<p><strong><span style=\"color: #993300;\"><span style=\"font-size: 18px;\"><span style=\"color: #800000;\">18. dubna (sobota) MEZIN\u00c1RODN\u00cd DEN PAM\u00c1TEK &#8211; vstup za polovic<\/span><\/span><\/span><\/strong><\/p>\n<ul>\n<li><span>Speci\u00e1ln\u00ed spole\u010dn\u00e9 prohl\u00eddky z\u00e1mku a kostela Pov\u00fd\u0161en\u00ed sv. K\u0159\u00ed\u017ee: od 10-17 h (posledn\u00ed vstup v 16 h)<\/span><\/li>\n<li>Do galerie zdarma &#8211; prohl\u00eddky expozice N\u00e1rodn\u00ed galerie Praha pod n\u00e1zvem Hav\u00ed\u0159sk\u00e1 balada: sto rok\u016f hornictv\u00ed v um\u011bn\u00ed jsou otev\u0159eny zdarma<\/li>\n<li>V\u00edce informac\u00ed v aktualit\u00e1ch <span>asi m\u011bs\u00edc p\u0159ed kon\u00e1n\u00edm akce.<\/span><\/li>\n<\/ul>\n<p><span style=\"font-size: 18px; color: #800000;\"><strong>19. kv\u011btna (\u00fater\u00fd) KARVINSK\u00dd PLEN\u00c9R<\/strong><\/span><\/p>\n<ul>\n<li><span>Leto\u0161n\u00ed mezin\u00e1rodn\u00ed den muze\u00ed a galeri\u00ed p\u0159ipad\u00e1 na pond\u011bl\u00ed 18. kv\u011btna, kdy je z\u00e1mek zav\u0159en\u00fd. Proto jsme se p\u0159ipoj\u00edli k akci na podporu um\u011bn\u00ed hned den n\u00e1sleduj\u00edc\u00ed, kdy se kon\u00e1 Karvinsk\u00fd plen\u00e9r organizovan\u00fd Region\u00e1ln\u00ed knihovnou.<\/span><\/li>\n<li>C<span>o nab\u00edz\u00ed z\u00e1mek? Tematicky k akci vstup do N\u00e1rodn\u00ed galerie<\/span> zdarma. Expozici N\u00e1rodn\u00ed galerie Praha pod n\u00e1zvem Hav\u00ed\u0159sk\u00e1 balada: sto rok\u016f hornictv\u00ed v um\u011bn\u00ed m\u016f\u017eete zhl\u00e9dnout mezi 10:00 a 17:00 hodinou.<\/li>\n<li>V\u00edce informac\u00ed v aktualit\u00e1ch <span>asi m\u011bs\u00edc p\u0159ed kon\u00e1n\u00edm akce.<\/span><\/li>\n<\/ul>\n<p><strong><span style=\"font-size: 14pt; color: #800000;\">27. \u010dervna (sobota) L\u00c9TO NA Z\u00c1MKU &#8211; <\/span><\/strong><span style=\"font-size: 16px; color: #000000;\">p\u0159edstaven\u00ed <\/span><span style=\"font-size: 18px;\"><strong><span style=\"color: #800000;\">L\u00e1sky a vr\u00e1sky pana Petra Voka z Ro\u017emberka<\/span><\/strong><\/span> (opakov\u00e1n\u00ed v\u00e1no\u010dn\u00edho p\u0159edstaven\u00ed &#8211; mysl\u00edme na ty, na kter\u00e9 se o V\u00e1noc\u00edch nedostalo)<\/p>\n<ul>\n<li>Divadeln\u00ed p\u0159edstaven\u00ed v r\u00e1mci prohl\u00eddkov\u00e9 trasy 1. okruhu \u2013 divadlo historie v pohybu Exulis p\u0159edstav\u00ed adaptaci voln\u011b na motivy zn\u00e1m\u00e9 televizn\u00ed komedie. Renesan\u010dn\u00ed romantick\u00e1 hra o z\u00e1letech, l\u00e1sk\u00e1ch a intrik\u00e1ch posledn\u00edho ro\u017embersk\u00e9ho vlada\u0159e, kaval\u00edra pana Petra Voka z Ro\u017emberka, pln\u00e1 kr\u00e1sn\u00fdch \u017een, dramatick\u00fdch souboj\u016f a hlavn\u011b nad\u010dasov\u00e9ho humoru. Re\u017eie: Jaroslav Vacul\u00edk \/ REPR\u00cdZA<\/li>\n<li>Za\u010d\u00e1tky v 10:00, 11:00, 13:00, 14:00, 15:00 a posledn\u00ed v 16:00 hod. <span class=\"x193iq5w xeuugli x13faqbe x1vvkbs x1xmvt09 x1lliihq x1s928wv xhkezso x1gmr53x x1cpjm7i x1fgarty x1943h6x xudqn12 x3x7a5m x6prxxf xvq8zen xo1l8bm xzsf02u\" dir=\"auto\">P\u0159edstaven\u00ed trv\u00e1 cca 1 hodinu a prob\u00edh\u00e1 v n\u011bkolika z\u00e1meck\u00fdch komnat\u00e1ch v r\u00e1mci 1. prohl\u00eddkov\u00e9 trasy. Klasick\u00fd 1. prohl\u00eddkov\u00fd okruh je proto v tento den uzav\u0159en\u00fd. Z\u00e1jemc\u016fm o klasick\u00e9 prohl\u00eddky budou k dispozici vyhrazen\u00e9 \u010dasy 2. okruhu.<\/span><\/li>\n<li>J\u00edzdy ko\u010d\u00e1rem z\u00e1meck\u00fdm parkem se za\u010d\u00e1tky ka\u017edou \u010dtvrthodinu (p\u0159ednostn\u011b jsou ur\u010deny platic\u00edm \u00fa\u010dastn\u00edk\u016fm divadeln\u00edho p\u0159edstaven\u00ed). Doporu\u010dujeme j\u00edzdu rezervovat u\u017e p\u0159i koupi vstupenky na akci. J\u00edzdu zaplat\u00edte na pokladn\u011b v den akce, ale ji\u017e p\u0159ed samotnou j\u00edzdou. Ko\u010d\u00edmu se prok\u00e1\u017eete speci\u00e1ln\u00ed j\u00edzdenkou s uveden\u00edm \u010dasu. <span style=\"color: #333333;\">Ko\u010d\u00e1rov\u00e9 proj\u00ed\u017e\u010fky \/Dv\u016fr Ol\u0161iny a pan Broda\/<br \/>\n<\/span><\/li>\n<li><span style=\"color: #000000;\"><span style=\"color: #333333;\">V\u00edce informac\u00ed najdete m\u011bs\u00edc p\u0159ed akc\u00ed<span style=\"text-decoration: underline; color: #800000;\"><\/span><\/span><\/span><span>.<\/span><\/li>\n<\/ul>\n<p><strong><span style=\"color: #800000; font-size: 18px;\">11. \u010dervence (sobota) SPECI\u00c1LN\u00cd PROHL\u00cdDKY Z\u00c1MKU A KOSTELA<\/span><br \/>\n<\/strong><\/p>\n<ul>\n<li><span>Se za\u010d\u00e1tky v ka\u017edou celou hodinu. P\u016fl trasy vede z\u00e1meck\u00fdmi komnatami, pot\u00e9 se zd\u011bnou spojovac\u00ed chodbou p\u0159ech\u00e1z\u00ed do kostela, kde pokra\u010duje druh\u00e1 polovina trasy. V\u00edce informac\u00ed v aktualit\u00e1ch m\u011bs\u00edc p\u0159ed akc\u00ed<span style=\"text-decoration: underline;\"><span style=\"color: #000000; text-decoration: underline;\"><\/span><\/span>.<\/span><\/li>\n<\/ul>\n<p><strong><span style=\"color: #800000; font-size: 18px;\">8. srpna (sobota) SPECI\u00c1LN\u00cd PROHL\u00cdDKY Z\u00c1MKU A KOSTELA<\/span><br \/>\n<\/strong><\/p>\n<ul>\n<li><span>Se za\u010d\u00e1tky v celou hodinu. P\u016fl trasy vede z\u00e1meck\u00fdmi komnatami, pot\u00e9 se zd\u011bnou spojovac\u00ed chodbou p\u0159ech\u00e1z\u00ed do kostela, kde pokra\u010duje druh\u00e1 polovina trasy. V\u00edce informac\u00ed v aktualit\u00e1ch m\u011bs\u00edc p\u0159ed akc\u00ed<span style=\"text-decoration: underline;\"><\/span><span style=\"color: #800000;\">.<\/span><\/span><\/li>\n<\/ul>\n<p><strong><span style=\"color: #800000; font-size: 14pt;\">22. srpna (sobota) HRADOZ\u00c1MECK\u00c1 NOC<br \/>\n<\/span><\/strong><\/p>\n<ul>\n<li><span style=\"color: #333333;\">No\u010dn\u00ed prohl\u00eddky z\u00e1mku se za\u010d\u00e1tky v 20:00, 21:00, 22:00 h<br \/>\n<\/span><\/li>\n<li>P\u0159edn\u00e1\u0161ka<\/li>\n<li><span style=\"color: #333333;\">Speci\u00e1ln\u00ed no\u010dn\u00ed okruhy z\u00e1mkem a kostelem PSV v 20:30, 21:30, 22:30 h<br \/>\n<\/span><\/li>\n<li><span style=\"color: #333333;\">No\u010dn\u00ed ko\u010d\u00e1rov\u00e9 proj\u00ed\u017e\u010fky z\u00e1meck\u00fdm are\u00e1lem \/Dv\u016fr Ol\u0161iny a pan Broda\/<br \/>\n<\/span><\/li>\n<li><span style=\"color: #000000;\"><span style=\"color: #333333;\">V\u00edce informac\u00ed najdete m\u011bs\u00edc p\u0159ed kon\u00e1n\u00edm akce<span style=\"text-decoration: underline; color: #800000;\"><span><\/span><\/span>.<\/span><\/span><\/li>\n<\/ul>\n<p><strong><span style=\"color: #800000; font-size: 14pt;\">12. a 13. z\u00e1\u0159\u00ed (so a ne) DNY EVROPSK\u00c9HO D\u011aDICTV\u00cd &#8211; program pro pobaven\u00ed, pozn\u00e1n\u00ed i zamy\u0161len\u00ed<br \/>\n<\/span><\/strong><\/p>\n<ul>\n<li><span style=\"color: #333333;\">12. 9. Prohl\u00eddky s divadlem &#8211; Divadlo bez st\u0159echy<br \/>\n<\/span><\/li>\n<li><span style=\"color: #333333;\">12. 9. Speci\u00e1ln\u00ed spole\u010dn\u00e9 prohl\u00eddky z\u00e1mku a kostela Pov\u00fd\u0161en\u00ed sv. K\u0159\u00ed\u017ee<br \/>\n<\/span><\/li>\n<li>13. 9. P\u0159edn\u00e1\u0161ka<\/li>\n<li><span>12. 9. Ko\u010d\u00e1rov\u00e9 proj\u00ed\u017e\u010fky pam\u00e1tkovou z\u00f3nou &#8211; Dv\u016fr Ol\u0161iny a pan Broda &#8211; <em>podle po\u010das\u00ed<\/em><br \/>\n<\/span><\/li>\n<li><span style=\"color: #333333;\">Akce mimo z\u00e1mek: <\/span>12<span>. a 13. 9. Prohl\u00eddky radnice (10-17 h)<\/span><\/li>\n<li>\u00a0\u00a0\u00a0\u00a0\u00a0\u00a0\u00a0\u00a0\u00a0\u00a0\u00a0\u00a0\u00a0\u00a0\u00a0\u00a0\u00a0\u00a0\u00a0\u00a0\u00a0\u00a0\u00a0\u00a0\u00a0\u00a0\u00a0\u00a0\u00a0\u00a0\u00a0\u00a0\u00a0\u00a0 12. 9. Prohl\u00eddky kostela sv. Marka (11-15 h)<\/li>\n<li>\u00a0\u00a0\u00a0\u00a0\u00a0\u00a0\u00a0\u00a0\u00a0\u00a0\u00a0\u00a0\u00a0\u00a0\u00a0\u00a0\u00a0\u00a0\u00a0\u00a0\u00a0\u00a0\u00a0\u00a0\u00a0\u00a0\u00a0\u00a0\u00a0\u00a0\u00a0\u00a0\u00a0\u00a0 <span style=\"color: #333333;\">12. a 13. 9. Prohl\u00eddky \u0161ikm\u00e9ho kostela v Karvin\u00e9-Dolech\u00a0<\/span><\/li>\n<li>\u00a0 \u00a0 \u00a0\u00a0 \u00a0\u00a0\u00a0\u00a0\u00a0\u00a0\u00a0\u00a0\u00a0\u00a0\u00a0\u00a0\u00a0\u00a0\u00a0\u00a0\u00a0\u00a0\u00a0\u00a0\u00a0\u00a0\u00a0\u00a0\u00a0\u00a0\u00a0 12. 9. Retrocesta za histori\u00ed m\u011bsta (odjezdy v 9:00 a 13:00 h)<\/li>\n<li>\u00a0 \u00a0 \u00a0 \u00a0 \u00a0 \u00a0 \u00a0 \u00a0 \u00a0 \u00a0 \u00a0 \u00a0 \u00a0 \u00a0 \u00a0 \u00a0 \u00a0 \u00a013. 9. Komentovan\u00e1 prohl\u00eddka historick\u00e9ho centra<\/li>\n<\/ul>\n<p><span style=\"color: #000000;\"><span style=\"color: #333333;\">V\u00edce informac\u00ed <\/span><span><span style=\"color: #333333;\">najdete<a href=\"https:\/\/www.zamek-frystat.cz\/index.php\/2024\/08\/19\/8-9-a-13-15-9-dny-evropskeho-dedictvi-v-karvine\/\"><span style=\"text-decoration: underline;\"><span style=\"color: #000000; text-decoration: underline;\"><\/span><\/span><\/a><\/span><\/span><\/span><a href=\"https:\/\/www.zamek-frystat.cz\/index.php\/2024\/08\/19\/8-9-a-13-15-9-dny-evropskeho-dedictvi-v-karvine\/\"><span style=\"color: #000000;\"><span><span style=\"color: #333333;\"> <\/span><\/span><\/span><\/a><span style=\"color: #000000;\"><span><span style=\"color: #333333;\"><a href=\"https:\/\/www.zamek-frystat.cz\/index.php\/2024\/08\/19\/8-9-a-13-15-9-dny-evropskeho-dedictvi-v-karvine\/\"><span style=\"text-decoration: underline;\"><span style=\"color: #000000; text-decoration: underline;\"><\/span><\/span><\/a> v aktualit\u00e1ch m\u011bs\u00edc p\u0159ed akc\u00ed<span style=\"color: #800000;\"><\/span>.<\/span><\/span><\/span><\/p>\n<p><strong><span style=\"color: #800000; font-size: 14pt;\">12. prosince (sobota) V\u00c1NOCE NA Z\u00c1MKU\u00a0\u00a0<\/span><\/strong><\/p>\n<ul>\n<li>V sobotu 12. prosince divadeln\u00ed p\u0159edstaven\u00ed v r\u00e1mci prohl\u00eddkov\u00e9 trasy 1. okruhu \u2013 Divadlo historie v pohybu Exulis p\u0159edstav\u00ed<span class=\"x193iq5w xeuugli x13faqbe x1vvkbs x1xmvt09 x1lliihq x1s928wv xhkezso x1gmr53x x1cpjm7i x1fgarty x1943h6x xudqn12 x3x7a5m x6prxxf xvq8zen xo1l8bm xzsf02u\" dir=\"auto\"> adaptaci voln\u011b na motivy st\u0159edov\u011bk\u00e9 legendy &#8211; <strong>Robin Hood: Tajemstv\u00ed Sherwoodu<\/strong>. Za\u010d\u00e1tky v 10:00, 11:00, 13:00, 14:00, 15:00 a posledn\u00ed v 16:00 hod. PREMI\u00c9RA. Re\u017eie: Jaroslav Vacul\u00edk \/ PREMI\u00c9RA<\/span><\/li>\n<li>V sobotu i v ned\u011bli 12.\/13.12. &#8211; Speci\u00e1ln\u00ed prohl\u00eddky z\u00e1mku a kostela. Za\u010d\u00e1tky v sobotu ve 12:00 a 12:30 h, v ned\u011bli budou speci\u00e1ln\u00ed prohl\u00eddky prob\u00edhat odpoledne od 12:00 a\u017e do 15:00. Posledn\u00ed za\u010d\u00e1tek na z\u00e1mku ve 14:00 h.<\/li>\n<li><span style=\"color: #333333;\">Zveme i na v\u00e1no\u010dn\u00ed v\u00fdzdobu\u00a0<\/span><\/li>\n<li>V\u00edce informac\u00ed v AKTUALIT\u00c1CH m\u011bs\u00edc p\u0159ed akc\u00ed<span>.<\/span><\/li>\n<\/ul>\n<p>&nbsp;<\/p>\n<p><span style=\"color: #993300;\"><strong><em><span style=\"color: #800000;\">V\u00fdstavy, p\u0159edn\u00e1\u0161ky:<\/span><br \/>\n<\/em><\/strong><\/span><\/p>\n<p>5. b\u0159ezna a\u017e 26. dubna &#8211; panelov\u00e1 v\u00fdstava &#8222;Slezsk\u00e1 m\u011bsta v\u010dera i dneska&#8220;<\/p>\n<p>22 srpna v r\u00e1mci no\u010dn\u00edch prohl\u00eddek &#8211; p\u0159edn\u00e1\u0161ka na t\u00e9ma &#8222;Kdo je temn\u00e1 postava Lucifer&#8220;<\/p>\n<p>13. z\u00e1\u0159\u00ed v r\u00e1mci Dn\u016f evropsk\u00e9ho d\u011bdictv\u00ed &#8211; p\u0159edn\u00e1\u0161ka na t\u00e9ma &#8222;Nejstar\u0161\u00ed pam\u00e1tka m\u011bsta slav\u00ed v\u00fdro\u010d\u00ed&#8220;<\/p>\n<p>&nbsp;<\/p>\n<p><strong><span style=\"font-size: 14pt; color: #800000;\"><em>Speci\u00e1ln\u00ed prohl\u00eddky z\u00e1mku a kostela &#8211; <\/em><\/span><\/strong><span style=\"font-size: 14pt; color: #800000;\"><em><a href=\"https:\/\/www.zamek-frystat.cz\/index.php\/specialni-okruh-2016\/\"><span style=\"color: #ff00ff;\">IV. trasa<\/span><\/a><\/em><\/span><span style=\"font-size: 14pt; color: #800000;\"><em><span style=\"color: #ff00ff;\">:<\/span><\/em><\/span><\/p>\n<p><em>v r\u00e1mci z\u00e1meck\u00fdch akc\u00ed:<\/em><\/p>\n<p style=\"padding-left: 40px;\">v sobotu 18. dubna &#8211; Mezin\u00e1rodn\u00ed den pam\u00e1tek<\/p>\n<p style=\"padding-left: 40px;\">v sobotu 22. srpna &#8211; Hradoz\u00e1meck\u00e1 noc &#8211; se za\u010d\u00e1tky prohl\u00eddek v 20:30 \/ 21:30 \/ 22:30 h na z\u00e1mku<\/p>\n<p style=\"padding-left: 40px;\">v sobotu 12. z\u00e1\u0159\u00ed &#8211; Dny evropsk\u00e9ho d\u011bdictv\u00ed<\/p>\n<p style=\"padding-left: 40px;\">o v\u00edkendu 12. prosince &#8211; V\u00e1noce na z\u00e1mku<\/p>\n<p><em>samostatn\u011b:<\/em><\/p>\n<p style=\"padding-left: 40px;\">v sobotu 11. \u010dervence s hodinov\u00fdmi za\u010d\u00e1tky v 10:00 a\u017e 16:00 h<\/p>\n<p style=\"padding-left: 40px;\">v sobotu 8. srpna s hodinov\u00fdmi za\u010d\u00e1tky v 10:00 a\u017e 16:00 h<\/p>\n<p>&nbsp;<\/p>\n<p><span style=\"color: #800000;\"><strong><em>Prohl\u00eddky s kastel\u00e1nem <span style=\"color: #993300;\">&#8211; <\/span><\/em><\/strong><em><span style=\"color: #993300;\"><span style=\"color: #ff00ff;\"><a href=\"https:\/\/www.zamek-frystat.cz\/index.php\/prohlidky-s-tajemnou-postavou\/\" style=\"color: #ff00ff;\">VI. trasa<\/a><\/span><\/span><\/em><em><span style=\"color: #993300;\"><span style=\"color: #ff00ff;\">:<\/span><\/span><\/em><\/span><\/p>\n<p>st\u0159eda 15. dubna v 10:00 h a v 15:00 h<\/p>\n<p>st\u0159eda 13. kv\u011btna pouze v 10:00 h<\/p>\n<p>st\u0159eda 17. \u010dervna v 10:00 h a v 15:00 h<\/p>\n<p><em>st\u0159eda 16. z\u00e1\u0159\u00ed v 10:00 h a v 15:00 h<\/em><\/p>\n<p>st\u0159eda 14. \u0159\u00edjna v 10:00 h a v 15:00 h<\/p>\n<p>st\u0159eda 11. listopadu v 10:00 h a v 15:00 h<\/p>\n<p>&nbsp;<\/p>\n<p>&nbsp;<\/p>\n","protected":false},"excerpt":{"rendered":"<p>P\u0159ehled z\u00e1meck\u00fdch akc\u00ed v roce 2026. Zm\u011bny uveden\u00fdch program\u016f jsou vyhrazeny, konkr\u00e9tn\u00ed pr\u016fb\u011bh, \u010dasy a doprovodn\u00e9 slu\u017eby budou aktualizov\u00e1ny t\u011bsn\u011b p\u0159ed kon\u00e1n\u00edm dan\u00e9 akce v z\u00e1lo\u017ece AKTUALITY.\u00a0 ROK 2026 30. ledna a\u017e 1. \u00fanora (p\u00e1tek \/ sobota \/ ned\u011ble) LEDOV\u00c1 M\u011aSTA P\u00e1te\u010dn\u00ed prohl\u00eddky 1. trasy &#8211; v 10:00, 11:00, 13:00, [&hellip;]<\/p>\n","protected":false},"author":1,"featured_media":0,"parent":0,"menu_order":0,"comment_status":"closed","ping_status":"closed","template":"","meta":{"footnotes":""},"class_list":["post-1003","page","type-page","status-publish","hentry"],"_links":{"self":[{"href":"https:\/\/www.zamek-frystat.cz\/index.php\/wp-json\/wp\/v2\/pages\/1003","targetHints":{"allow":["GET"]}}],"collection":[{"href":"https:\/\/www.zamek-frystat.cz\/index.php\/wp-json\/wp\/v2\/pages"}],"about":[{"href":"https:\/\/www.zamek-frystat.cz\/index.php\/wp-json\/wp\/v2\/types\/page"}],"author":[{"embeddable":true,"href":"https:\/\/www.zamek-frystat.cz\/index.php\/wp-json\/wp\/v2\/users\/1"}],"replies":[{"embeddable":true,"href":"https:\/\/www.zamek-frystat.cz\/index.php\/wp-json\/wp\/v2\/comments?post=1003"}],"version-history":[{"count":315,"href":"https:\/\/www.zamek-frystat.cz\/index.php\/wp-json\/wp\/v2\/pages\/1003\/revisions"}],"predecessor-version":[{"id":3739,"href":"https:\/\/www.zamek-frystat.cz\/index.php\/wp-json\/wp\/v2\/pages\/1003\/revisions\/3739"}],"wp:attachment":[{"href":"https:\/\/www.zamek-frystat.cz\/index.php\/wp-json\/wp\/v2\/media?parent=1003"}],"curies":[{"name":"wp","href":"https:\/\/api.w.org\/{rel}","templated":true}]}}