{"id":435,"date":"2016-10-14T17:00:53","date_gmt":"2016-10-14T16:00:53","guid":{"rendered":"http:\/\/www.zamek-frystat.cz\/?page_id=435"},"modified":"2016-10-28T18:25:04","modified_gmt":"2016-10-28T17:25:04","slug":"masarykovo-namesti","status":"publish","type":"page","link":"https:\/\/www.zamek-frystat.cz\/index.php\/masarykovo-namesti\/","title":{"rendered":"Masarykovo n\u00e1m\u011bst\u00ed"},"content":{"rendered":"<p><strong>Masarykovo n\u00e1m\u011bst\u00ed<\/strong><\/p>\n<p>Le\u017e\u00ed p\u0159\u00edmo v\u00a0historick\u00e9m j\u00e1dru m\u011bsta Karvin\u00e9 a spolu se z\u00e1meck\u00fdm parkem a L\u00e1ze\u0148sk\u00fdm parkem je sou\u010d\u00e1st\u00ed m\u011bstsk\u00e9 pam\u00e1tkov\u00e9 z\u00f3ny. P\u016fvodn\u011b, v\u00a0dob\u011b jeho vzniku, bylo n\u00e1m\u011bst\u00ed centrem samostatn\u00e9ho m\u011bsta Fry\u0161t\u00e1tu, kter\u00fd je nyn\u00ed jednou z\u00a0dev\u00edti m\u011bstsk\u00fdch \u010d\u00e1st\u00ed Karvin\u00e9. N\u00e1m\u011bst\u00ed je koncipov\u00e1no ve tvaru p\u00edsmene L. Zde je situov\u00e1na v\u011bt\u0161ina historick\u00fdch pam\u00e1tek m\u011bsta &#8211; radnice, z\u00e1mek Fry\u0161t\u00e1t, kostel Pov\u00fd\u0161en\u00ed sv. K\u0159\u00ed\u017ee, ka\u0161na, \u0159ada m\u011b\u0161\u0165ansk\u00fdch dom\u016f reprezentuj\u00edc\u00edch z\u00e1stavbu 18. a 19. stolet\u00ed a pobl\u00ed\u017e je rovn\u011b\u017e kostel sv. Marka. N\u00e1v\u0161t\u011bvn\u00edci mohou vyu\u017e\u00edt nab\u00eddky mnoha ob\u010derstvovac\u00edch a stravovac\u00edch za\u0159\u00edzen\u00ed a zde v\u00a0klidu a p\u0159i dobr\u00e9m j\u00eddle nebo n\u00e1poji zrekapitulovat z\u00e1\u017eitky z\u00a0n\u00e1v\u0161t\u011bvy z\u00e1mku, parku nebo jin\u00e9ho pam\u00e1tkov\u00e9ho objektu a zrelaxovat cel\u00e9 t\u011blo. K\u00a0dispozici jsou cukr\u00e1rna, restaurace, fast foody, \u010dajovna, kav\u00e1rny a nechyb\u00ed ani fair-food kav\u00e1rna. V\u00a0letn\u00edm obdob\u00ed je plocha n\u00e1m\u011bst\u00ed vyu\u017eita k\u00a0provozov\u00e1n\u00ed popul\u00e1rn\u00edch restaura\u010dn\u00edch zahr\u00e1dek. B\u011bhem roku se na n\u00e1m\u011bst\u00ed kon\u00e1 n\u011bkolik kulturn\u011b-spole\u010densk\u00fdch akc\u00ed, mezi tradi\u010dn\u00ed pat\u0159\u00ed Velikono\u010dn\u00ed jarmark, Dny Karvin\u00e9, Festival n\u00e1rodnostn\u00edch men\u0161in, Kni\u017en\u00ed jarmark a V\u00e1no\u010dn\u00ed jarmark.<\/p>\n<p>&nbsp;<\/p>\n<p><img loading=\"lazy\" decoding=\"async\" class=\"alignnone  wp-image-606\" src=\"https:\/\/www.zamek-frystat.cz\/wp-content\/uploads\/2016\/10\/461.centrum-letecky-2-300x200.jpg\" alt=\"461-centrum-letecky-2\" width=\"399\" height=\"266\" srcset=\"https:\/\/www.zamek-frystat.cz\/wp-content\/uploads\/2016\/10\/461.centrum-letecky-2-300x200.jpg 300w, https:\/\/www.zamek-frystat.cz\/wp-content\/uploads\/2016\/10\/461.centrum-letecky-2-768x512.jpg 768w, https:\/\/www.zamek-frystat.cz\/wp-content\/uploads\/2016\/10\/461.centrum-letecky-2-1024x683.jpg 1024w\" sizes=\"auto, (max-width: 399px) 100vw, 399px\" \/> <img loading=\"lazy\" decoding=\"async\" class=\"alignnone  wp-image-611\" src=\"https:\/\/www.zamek-frystat.cz\/wp-content\/uploads\/2016\/10\/1019.Mas_.n\u00e1m.-shorazleva-300x197.jpg\" alt=\"1019-mas-nam-shorazleva\" width=\"406\" height=\"267\" srcset=\"https:\/\/www.zamek-frystat.cz\/wp-content\/uploads\/2016\/10\/1019.Mas_.n\u00e1m.-shorazleva-300x197.jpg 300w, https:\/\/www.zamek-frystat.cz\/wp-content\/uploads\/2016\/10\/1019.Mas_.n\u00e1m.-shorazleva-768x504.jpg 768w, https:\/\/www.zamek-frystat.cz\/wp-content\/uploads\/2016\/10\/1019.Mas_.n\u00e1m.-shorazleva-1024x672.jpg 1024w\" sizes=\"auto, (max-width: 406px) 100vw, 406px\" \/><\/p>\n","protected":false},"excerpt":{"rendered":"<p>Masarykovo n\u00e1m\u011bst\u00ed Le\u017e\u00ed p\u0159\u00edmo v\u00a0historick\u00e9m j\u00e1dru m\u011bsta Karvin\u00e9 a spolu se z\u00e1meck\u00fdm parkem a L\u00e1ze\u0148sk\u00fdm parkem je sou\u010d\u00e1st\u00ed m\u011bstsk\u00e9 pam\u00e1tkov\u00e9 z\u00f3ny. P\u016fvodn\u011b, v\u00a0dob\u011b jeho vzniku, bylo n\u00e1m\u011bst\u00ed centrem samostatn\u00e9ho m\u011bsta Fry\u0161t\u00e1tu, kter\u00fd je nyn\u00ed jednou z\u00a0dev\u00edti m\u011bstsk\u00fdch \u010d\u00e1st\u00ed Karvin\u00e9. N\u00e1m\u011bst\u00ed je koncipov\u00e1no ve tvaru p\u00edsmene L. Zde je situov\u00e1na v\u011bt\u0161ina [&hellip;]<\/p>\n","protected":false},"author":1,"featured_media":0,"parent":0,"menu_order":0,"comment_status":"closed","ping_status":"closed","template":"","meta":{"footnotes":""},"class_list":["post-435","page","type-page","status-publish","hentry"],"_links":{"self":[{"href":"https:\/\/www.zamek-frystat.cz\/index.php\/wp-json\/wp\/v2\/pages\/435","targetHints":{"allow":["GET"]}}],"collection":[{"href":"https:\/\/www.zamek-frystat.cz\/index.php\/wp-json\/wp\/v2\/pages"}],"about":[{"href":"https:\/\/www.zamek-frystat.cz\/index.php\/wp-json\/wp\/v2\/types\/page"}],"author":[{"embeddable":true,"href":"https:\/\/www.zamek-frystat.cz\/index.php\/wp-json\/wp\/v2\/users\/1"}],"replies":[{"embeddable":true,"href":"https:\/\/www.zamek-frystat.cz\/index.php\/wp-json\/wp\/v2\/comments?post=435"}],"version-history":[{"count":4,"href":"https:\/\/www.zamek-frystat.cz\/index.php\/wp-json\/wp\/v2\/pages\/435\/revisions"}],"predecessor-version":[{"id":612,"href":"https:\/\/www.zamek-frystat.cz\/index.php\/wp-json\/wp\/v2\/pages\/435\/revisions\/612"}],"wp:attachment":[{"href":"https:\/\/www.zamek-frystat.cz\/index.php\/wp-json\/wp\/v2\/media?parent=435"}],"curies":[{"name":"wp","href":"https:\/\/api.w.org\/{rel}","templated":true}]}}