{"id":443,"date":"2016-10-14T18:01:16","date_gmt":"2016-10-14T17:01:16","guid":{"rendered":"http:\/\/www.zamek-frystat.cz\/?page_id=443"},"modified":"2016-10-28T17:18:11","modified_gmt":"2016-10-28T16:18:11","slug":"kasna","status":"publish","type":"page","link":"https:\/\/www.zamek-frystat.cz\/index.php\/kasna\/","title":{"rendered":"Ka\u0161na"},"content":{"rendered":"<p>Historizuj\u00edc\u00ed litinov\u00e1 ka\u0161na uprost\u0159ed n\u00e1m\u011bst\u00ed dopl\u0148uje p\u0159\u00edjemn\u00fd vzhled tohoto cenn\u00e9ho historick\u00e9ho j\u00e1dra m\u011bsta. Ka\u0161na byla postavena v roce 1900 na m\u00edst\u011b, kde p\u016fvodn\u011b st\u00e1la kamenn\u00e1 vodn\u00ed n\u00e1dr\u017e z konce 18. stolet\u00ed. Mnohem dekorativn\u011bj\u0161\u00ed nov\u00e1 font\u00e1na byla zhotovena podle n\u00e1vrhu Georga Wirtha z V\u00eddn\u011b. Ka\u0161na je vysok\u00e1 5 m a jej\u00ed hlavn\u00ed \u010d\u00e1sti tvo\u0159\u00ed dv\u011b m\u00edsy. Kolem ka\u0161ny je \u0161irok\u00e1 kruhov\u00e1 kamenn\u00e1 n\u00e1dr\u017e. Spodn\u00ed \u010d\u00e1st litinov\u00e9 ka\u0161ny je zdobena plastikami delf\u00edn\u016f, ve st\u0159edn\u00ed \u010d\u00e1sti se nach\u00e1z\u00ed putti, kte\u0159\u00ed p\u0159edstavuj\u00ed \u010dty\u0159i ro\u010dn\u00ed obdob\u00ed, vrcholek zdob\u00ed zlacen\u00e1 r\u016f\u017eice. Voda z obou m\u00eds vyt\u00e9k\u00e1 lv\u00edmi hlavami.<\/p>\n<p><img loading=\"lazy\" decoding=\"async\" class=\"alignnone  wp-image-559\" src=\"https:\/\/www.zamek-frystat.cz\/wp-content\/uploads\/2016\/08\/462.n\u00e1m\u011bst\u00ed-ke-kostelu-300x200.jpg\" alt=\"462-namesti-ke-kostelu\" width=\"500\" height=\"333\" srcset=\"https:\/\/www.zamek-frystat.cz\/wp-content\/uploads\/2016\/08\/462.n\u00e1m\u011bst\u00ed-ke-kostelu-300x200.jpg 300w, https:\/\/www.zamek-frystat.cz\/wp-content\/uploads\/2016\/08\/462.n\u00e1m\u011bst\u00ed-ke-kostelu-768x512.jpg 768w, https:\/\/www.zamek-frystat.cz\/wp-content\/uploads\/2016\/08\/462.n\u00e1m\u011bst\u00ed-ke-kostelu-1024x683.jpg 1024w, https:\/\/www.zamek-frystat.cz\/wp-content\/uploads\/2016\/08\/462.n\u00e1m\u011bst\u00ed-ke-kostelu.jpg 1595w\" sizes=\"auto, (max-width: 500px) 100vw, 500px\" \/><\/p>\n","protected":false},"excerpt":{"rendered":"<p>Historizuj\u00edc\u00ed litinov\u00e1 ka\u0161na uprost\u0159ed n\u00e1m\u011bst\u00ed dopl\u0148uje p\u0159\u00edjemn\u00fd vzhled tohoto cenn\u00e9ho historick\u00e9ho j\u00e1dra m\u011bsta. Ka\u0161na byla postavena v roce 1900 na m\u00edst\u011b, kde p\u016fvodn\u011b st\u00e1la kamenn\u00e1 vodn\u00ed n\u00e1dr\u017e z konce 18. stolet\u00ed. Mnohem dekorativn\u011bj\u0161\u00ed nov\u00e1 font\u00e1na byla zhotovena podle n\u00e1vrhu Georga Wirtha z V\u00eddn\u011b. Ka\u0161na je vysok\u00e1 5 m a jej\u00ed [&hellip;]<\/p>\n","protected":false},"author":1,"featured_media":0,"parent":0,"menu_order":0,"comment_status":"closed","ping_status":"closed","template":"","meta":{"footnotes":""},"class_list":["post-443","page","type-page","status-publish","hentry"],"_links":{"self":[{"href":"https:\/\/www.zamek-frystat.cz\/index.php\/wp-json\/wp\/v2\/pages\/443","targetHints":{"allow":["GET"]}}],"collection":[{"href":"https:\/\/www.zamek-frystat.cz\/index.php\/wp-json\/wp\/v2\/pages"}],"about":[{"href":"https:\/\/www.zamek-frystat.cz\/index.php\/wp-json\/wp\/v2\/types\/page"}],"author":[{"embeddable":true,"href":"https:\/\/www.zamek-frystat.cz\/index.php\/wp-json\/wp\/v2\/users\/1"}],"replies":[{"embeddable":true,"href":"https:\/\/www.zamek-frystat.cz\/index.php\/wp-json\/wp\/v2\/comments?post=443"}],"version-history":[{"count":2,"href":"https:\/\/www.zamek-frystat.cz\/index.php\/wp-json\/wp\/v2\/pages\/443\/revisions"}],"predecessor-version":[{"id":597,"href":"https:\/\/www.zamek-frystat.cz\/index.php\/wp-json\/wp\/v2\/pages\/443\/revisions\/597"}],"wp:attachment":[{"href":"https:\/\/www.zamek-frystat.cz\/index.php\/wp-json\/wp\/v2\/media?parent=443"}],"curies":[{"name":"wp","href":"https:\/\/api.w.org\/{rel}","templated":true}]}}